{"id":5263,"date":"2019-03-22T16:51:21","date_gmt":"2019-03-22T15:51:21","guid":{"rendered":"http:\/\/www.vernicifirewall.it\/azienda\/"},"modified":"2019-04-16T11:33:07","modified_gmt":"2019-04-16T09:33:07","slug":"azienda","status":"publish","type":"page","link":"https:\/\/www.vernicifirewall.it\/es\/azienda\/","title":{"rendered":"EMPRESA"},"content":{"rendered":"[mk_page_section bg_image=&#8221;http:\/\/www.vernicifirewall.it\/wp-content\/uploads\/2019\/03\/le-nostre-vernici.jpg&#8221; bg_image_portrait=&#8221;http:\/\/www.vernicifirewall.it\/wp-content\/uploads\/2019\/03\/le-nostre-vernici_mobile.jpg&#8221; bg_position=&#8221;center center&#8221; bg_repeat=&#8221;no-repeat&#8221; bg_stretch=&#8221;true&#8221; enable_3d=&#8221;true&#8221; padding_top=&#8221;0&#8243; padding_bottom=&#8221;0&#8243; sidebar=&#8221;sidebar-1&#8243;][vc_column width=&#8221;1\/2&#8243;]<div class=\"ult-spacer spacer-69f55273e2cad\" data-id=\"69f55273e2cad\" data-height=\"200\" data-height-mobile=\"50\" data-height-tab=\"200\" data-height-tab-portrait=\"200\" data-height-mobile-landscape=\"50\" style=\"clear:both;display:block;\"><\/div>[vc_column_text el_class=&#8221;black rennertitle&#8221; css=&#8221;.vc_custom_1554742513426{margin-bottom: 0px !important;}&#8221;]Nuestro compromiso<br \/>\npara el bienestar<br \/>\nde las viviendas[\/vc_column_text][vc_column_text el_class=&#8221;black rennerp&#8221; css=&#8221;.vc_custom_1555406983691{margin-bottom: 0px !important;}&#8221;]Renner Italia desempe\u00f1a un papel importante en el desaf\u00edo industrial del desarrollo sostenible.<br \/>\nNuestros investigadores combinan el progreso tecnol\u00f3gico y el dise\u00f1o con la preservaci\u00f3n del medio ambiente.<\/p>\n<p>En particular, estamos comprometidos en los frentes:[\/vc_column_text][mk_custom_list]\n<ul>\n<li>reducci\u00f3n de emisiones<\/li>\n<li>mayor calidad del aire interior<\/li>\n<li>co-participaci\u00f3n en pol\u00edticas de ahorro de materiales y energ\u00eda<\/li>\n<li>eliminaci\u00f3n de sustancias nocivas<\/li>\n<li>creaci\u00f3n de lugares m\u00e1s sanos y habitables<\/li>\n<\/ul>\n[\/mk_custom_list][mk_button dimension=&#8221;flat&#8221; size=&#8221;large&#8221; url=&#8221;https:\/\/www.renneritalia.com\/es&#8221; target=&#8221;_blank&#8221;]VAYA AL SITIO INTERNET RENNERITALIA.COM[\/mk_button]<div class=\"ult-spacer spacer-69f55273e2d18\" data-id=\"69f55273e2d18\" data-height=\"200\" data-height-mobile=\"50\" data-height-tab=\"200\" data-height-tab-portrait=\"200\" data-height-mobile-landscape=\"50\" style=\"clear:both;display:block;\"><\/div>[\/vc_column][vc_column width=&#8221;1\/2&#8243;][\/vc_column][\/mk_page_section][mk_page_section bg_image=&#8221;http:\/\/www.vernicifirewall.it\/wp-content\/uploads\/2019\/03\/formaldeide-zero-renner-1.jpg&#8221; bg_image_portrait=&#8221;http:\/\/www.vernicifirewall.it\/wp-content\/uploads\/2019\/03\/formaldeide-zero-renner-1_mobile.jpg&#8221; bg_repeat=&#8221;no-repeat&#8221; bg_stretch=&#8221;true&#8221; enable_3d=&#8221;true&#8221; padding_top=&#8221;0&#8243; padding_bottom=&#8221;0&#8243; sidebar=&#8221;sidebar-1&#8243;][vc_column width=&#8221;1\/2&#8243;][\/vc_column][vc_column width=&#8221;1\/2&#8243;]<div class=\"ult-spacer spacer-69f55273e2d6b\" data-id=\"69f55273e2d6b\" data-height=\"200\" data-height-mobile=\"350\" data-height-tab=\"200\" data-height-tab-portrait=\"200\" data-height-mobile-landscape=\"350\" style=\"clear:both;display:block;\"><\/div>[vc_column_text el_class=&#8221;black rennertitle&#8221; css=&#8221;.vc_custom_1554742617766{margin-bottom: 0px !important;}&#8221;]Formaldeh\u00eddo<br \/>\ncero[\/vc_column_text][vc_column_text el_class=&#8221;black rennerp&#8221; css=&#8221;.vc_custom_1555407050256{margin-bottom: 0px !important;}&#8221;]Todas nuestras f\u00f3rmulas est\u00e1n libres de formaldeh\u00eddo, una sustancia cancer\u00edgena de la Agencia Internacional para la Investigaci\u00f3n del C\u00e1ncer (IARC).<br \/>\nLa mayor\u00eda de los productos no contienen etoxilato de alquilfenol (una mol\u00e9cula que es particularmente t\u00f3xica para los organismos acu\u00e1ticos) y estireno (un hidrocarburo arom\u00e1tico que puede da\u00f1ar la salud humana). Muchos otros barnices est\u00e1n certificados en clase A + seg\u00fan el decreto franc\u00e9s 321\/2011 en t\u00e9rminos de emisiones de contaminantes vol\u00e1tiles por productos instalados en el interior (revestimientos para pisos y paredes, pinturas y barnices, aislamiento, puertas y ventanas &#8230;). El compromiso de Renner Italia con la salud y el medio ambiente no se limita a la oferta comercial.[\/vc_column_text]<div class=\"ult-spacer spacer-69f55273e2dba\" data-id=\"69f55273e2dba\" data-height=\"200\" data-height-mobile=\"50\" data-height-tab=\"200\" data-height-tab-portrait=\"200\" data-height-mobile-landscape=\"50\" style=\"clear:both;display:block;\"><\/div>[\/vc_column][\/mk_page_section][mk_page_section bg_image=&#8221;http:\/\/www.vernicifirewall.it\/wp-content\/uploads\/2019\/03\/bk_green.jpg&#8221; bg_image_portrait=&#8221;http:\/\/www.vernicifirewall.it\/wp-content\/uploads\/2019\/03\/bk_green.jpg&#8221; bg_position=&#8221;center top&#8221; enable_3d=&#8221;true&#8221; js_vertical_centered=&#8221;true&#8221; padding_top=&#8221;100&#8243; padding_bottom=&#8221;200&#8243; el_class=&#8221;sectionrenner&#8221; sidebar=&#8221;sidebar-1&#8243;][vc_column][mk_moving_image src=&#8221;http:\/\/www.vernicifirewall.it\/wp-content\/uploads\/2019\/03\/green-line.png&#8221; align=&#8221;center&#8221;][vc_column_text align=&#8221;center&#8221; el_class=&#8221;white rennertitle&#8221; css=&#8221;.vc_custom_1554742643266{margin-bottom: 0px !important;}&#8221;]Energia<br \/>\nsostenible[\/vc_column_text][vc_column_text align=&#8221;center&#8221; el_class=&#8221;white rennerp&#8221; css=&#8221;.vc_custom_1555407147851{margin-bottom: 0px !important;}&#8221;]Las instalaciones donde se producen los barnices Renner funcionan exclusivamente con energ\u00eda hidroel\u00e9ctrica, e\u00f3lica, solar y de biomasa.<br \/>\nAqu\u00ed tambi\u00e9n, el objetivo es lo de reducir el impacto contaminante del sistema energ\u00e9tico y preservar el medio ambiente. La empresa ha obtenido la certificaci\u00f3n G. O. (Garant\u00edas de Origen) y la etiqueta &#8220;100% energ\u00eda de fuentes renovables&#8221;, que confirma su posicionamiento en relaci\u00f3n con los principales problemas ambientales.<\/p>\n<p>Por no mencionar que la huella ecol\u00f3gica de Renner Italia tambi\u00e9n se refiere al embalaje. Los barnices al agua se envasan en las latas exclusivas Evergreen y reducen dr\u00e1sticamente la cantidad de residuos especiales que se eliminar\u00e1n. El embalaje con residuos de barniz se considera un residuo especial que se debe eliminar como tal. Evergreen es una hojalata revestida al interior de una pel\u00edcula de polietileno de alta densidad. Una vez vac\u00eda la lata de barniz, la pel\u00edcula de polietileno sucia se elimina, dejando intacta la parte met\u00e1lica del paquete, que puede ser reciclada. Con obvios efectos positivos tambi\u00e9n para el medio ambiente.[\/vc_column_text][\/vc_column][\/mk_page_section][mk_page_section bg_image=&#8221;http:\/\/www.vernicifirewall.it\/wp-content\/uploads\/2019\/03\/color-tunes.jpg&#8221; bg_image_portrait=&#8221;http:\/\/www.vernicifirewall.it\/wp-content\/uploads\/2019\/03\/color-tunes_mobile.jpg&#8221; bg_position=&#8221;left center&#8221; bg_repeat=&#8221;no-repeat&#8221; bg_stretch=&#8221;true&#8221; enable_3d=&#8221;true&#8221; padding_top=&#8221;0&#8243; padding_bottom=&#8221;0&#8243; sidebar=&#8221;sidebar-1&#8243;][vc_column width=&#8221;5\/12&#8243;]<div class=\"ult-spacer spacer-69f55273e2e33\" data-id=\"69f55273e2e33\" data-height=\"200\" data-height-mobile=\"50\" data-height-tab=\"200\" data-height-tab-portrait=\"200\" data-height-mobile-landscape=\"50\" style=\"clear:both;display:block;\"><\/div>[vc_column_text el_class=&#8221;white rennertitle&#8221; css=&#8221;.vc_custom_1554742668268{margin-bottom: 0px !important;}&#8221;]Efectos especiales<br \/>\ny los colores mas refinados[\/vc_column_text][vc_column_text el_class=&#8221;white rennerp&#8221; css=&#8221;.vc_custom_1554742690545{margin-bottom: 0px !important;}&#8221;]Las soluciones de tendencia est\u00e9tica, los efectos m\u00e1s originales, los matices m\u00e1s refinados. Renner Italia estimula ideas y creatividad a trav\u00e9s de sus barnices: formidables herramientas al servicio de quienes definen la identidad visual. La identidad visual de las obras de madera no pueden ignorar la definici\u00f3n crom\u00e1tica del acabado.<\/p>\n<p>Nuestros especialistas en barnices, en contacto diario con las mejores marcas de muebles, ponen su inmenso conocimiento a disposici\u00f3n de todos. En el complejo mundo de los retardantes de llama, nuestros qu\u00edmicos combinan soluciones de dise\u00f1o con seguridad pasiva contra incendios.[\/vc_column_text]<div class=\"ult-spacer spacer-69f55273e2e9b\" data-id=\"69f55273e2e9b\" data-height=\"200\" data-height-mobile=\"150\" data-height-tab=\"200\" data-height-tab-portrait=\"200\" data-height-mobile-landscape=\"150\" style=\"clear:both;display:block;\"><\/div>[\/vc_column][vc_column width=&#8221;7\/12&#8243;][\/vc_column][\/mk_page_section][mk_page_section bg_position=&#8221;left center&#8221; bg_repeat=&#8221;no-repeat&#8221; bg_stretch=&#8221;true&#8221; enable_3d=&#8221;true&#8221; bg_video=&#8221;yes&#8221; video_source=&#8221;social&#8221; stream_video_id=&#8221;YzVBUDkf52I&#8221; video_mask=&#8221;true&#8221; min_height=&#8221;800&#8243; padding_top=&#8221;300&#8243; padding_bottom=&#8221;200&#8243; visibility=&#8221;hidden-sm&#8221; sidebar=&#8221;sidebar-1&#8243;][vc_column][mk_button dimension=&#8221;flat&#8221; size=&#8221;large&#8221; url=&#8221;https:\/\/www.renneritalia.com\/es&#8221; target=&#8221;_blank&#8221; align=&#8221;center&#8221;]VAYA AL SITIO INTERNET RENNERITALIA.COM[\/mk_button][\/vc_column][\/mk_page_section]\n","protected":false},"excerpt":{"rendered":"<p>[mk_page_section bg_image=&#8221;http:\/\/www.vernicifirewall.it\/wp-content\/uploads\/2019\/03\/le-nostre-vernici.jpg&#8221; bg_image_portrait=&#8221;http:\/\/www.vernicifirewall.it\/wp-content\/uploads\/2019\/03\/le-nostre-vernici_mobile.jpg&#8221; bg_position=&#8221;center center&#8221; bg_repeat=&#8221;no-repeat&#8221; bg_stretch=&#8221;true&#8221; enable_3d=&#8221;true&#8221; padding_top=&#8221;0&#8243; padding_bottom=&#8221;0&#8243; sidebar=&#8221;sidebar-1&#8243;][vc_column width=&#8221;1\/2&#8243;][vc_column_text el_class=&#8221;black rennertitle&#8221; css=&#8221;.vc_custom_1554742513426{margin-bottom: 0px !important;}&#8221;]Nuestro compromiso para el bienestar de las viviendas[\/vc_column_text][vc_column_text el_class=&#8221;black rennerp&#8221; css=&#8221;.vc_custom_1555406983691{margin-bottom: 0px !important;}&#8221;]Renner Italia desempe\u00f1a un papel importante en el desaf\u00edo industrial del desarrollo sostenible. Nuestros investigadores combinan el progreso tecnol\u00f3gico y el dise\u00f1o con la preservaci\u00f3n del medio [&hellip;]<\/p>\n","protected":false},"author":1,"featured_media":0,"parent":0,"menu_order":0,"comment_status":"closed","ping_status":"closed","template":"","meta":{"footnotes":""},"class_list":["post-5263","page","type-page","status-publish","hentry"],"yoast_head":"<!-- This site is optimized with the Yoast SEO plugin v27.0 - https:\/\/yoast.com\/product\/yoast-seo-wordpress\/ -->\n<title>EMPRESA - Le vernici ignifughe per il legno Firewall<\/title>\n<meta name=\"robots\" content=\"index, follow, max-snippet:-1, max-image-preview:large, max-video-preview:-1\" \/>\n<link rel=\"canonical\" href=\"https:\/\/www.vernicifirewall.it\/es\/azienda\/\" \/>\n<meta property=\"og:locale\" content=\"es_ES\" \/>\n<meta property=\"og:type\" content=\"article\" \/>\n<meta property=\"og:title\" content=\"EMPRESA - Le vernici ignifughe per il legno Firewall\" \/>\n<meta property=\"og:description\" content=\"[mk_page_section bg_image=&#8221;http:\/\/www.vernicifirewall.it\/wp-content\/uploads\/2019\/03\/le-nostre-vernici.jpg&#8221; bg_image_portrait=&#8221;http:\/\/www.vernicifirewall.it\/wp-content\/uploads\/2019\/03\/le-nostre-vernici_mobile.jpg&#8221; bg_position=&#8221;center center&#8221; bg_repeat=&#8221;no-repeat&#8221; bg_stretch=&#8221;true&#8221; enable_3d=&#8221;true&#8221; padding_top=&#8221;0&#8243; padding_bottom=&#8221;0&#8243; sidebar=&#8221;sidebar-1&#8243;][vc_column width=&#8221;1\/2&#8243;][vc_column_text el_class=&#8221;black rennertitle&#8221; css=&#8221;.vc_custom_1554742513426{margin-bottom: 0px !important;}&#8221;]Nuestro compromiso para el bienestar de las viviendas[\/vc_column_text][vc_column_text el_class=&#8221;black rennerp&#8221; css=&#8221;.vc_custom_1555406983691{margin-bottom: 0px !important;}&#8221;]Renner Italia desempe\u00f1a un papel importante en el desaf\u00edo industrial del desarrollo sostenible. Nuestros investigadores combinan el progreso tecnol\u00f3gico y el dise\u00f1o con la preservaci\u00f3n del medio [&hellip;]\" \/>\n<meta property=\"og:url\" content=\"https:\/\/www.vernicifirewall.it\/es\/azienda\/\" \/>\n<meta property=\"og:site_name\" content=\"Le vernici ignifughe per il legno Firewall\" \/>\n<meta property=\"article:modified_time\" content=\"2019-04-16T09:33:07+00:00\" \/>\n<meta name=\"twitter:label1\" content=\"Est. reading time\" \/>\n\t<meta name=\"twitter:data1\" content=\"5 minutes\" \/>\n<script type=\"application\/ld+json\" class=\"yoast-schema-graph\">{\"@context\":\"https:\/\/schema.org\",\"@graph\":[{\"@type\":\"WebPage\",\"@id\":\"https:\/\/www.vernicifirewall.it\/es\/azienda\/\",\"url\":\"https:\/\/www.vernicifirewall.it\/es\/azienda\/\",\"name\":\"EMPRESA - Le vernici ignifughe per il legno Firewall\",\"isPartOf\":{\"@id\":\"https:\/\/www.vernicifirewall.it\/#website\"},\"datePublished\":\"2019-03-22T15:51:21+00:00\",\"dateModified\":\"2019-04-16T09:33:07+00:00\",\"breadcrumb\":{\"@id\":\"https:\/\/www.vernicifirewall.it\/es\/azienda\/#breadcrumb\"},\"inLanguage\":\"es-ES\",\"potentialAction\":[{\"@type\":\"ReadAction\",\"target\":[\"https:\/\/www.vernicifirewall.it\/es\/azienda\/\"]}]},{\"@type\":\"BreadcrumbList\",\"@id\":\"https:\/\/www.vernicifirewall.it\/es\/azienda\/#breadcrumb\",\"itemListElement\":[{\"@type\":\"ListItem\",\"position\":1,\"name\":\"Home\",\"item\":\"https:\/\/www.vernicifirewall.it\/es\/\"},{\"@type\":\"ListItem\",\"position\":2,\"name\":\"EMPRESA\"}]},{\"@type\":\"WebSite\",\"@id\":\"https:\/\/www.vernicifirewall.it\/#website\",\"url\":\"https:\/\/www.vernicifirewall.it\/\",\"name\":\"Le vernici ignifughe per il legno Firewall\",\"description\":\"Le vernici ignifughe per il legno Firewall\",\"potentialAction\":[{\"@type\":\"SearchAction\",\"target\":{\"@type\":\"EntryPoint\",\"urlTemplate\":\"https:\/\/www.vernicifirewall.it\/?s={search_term_string}\"},\"query-input\":{\"@type\":\"PropertyValueSpecification\",\"valueRequired\":true,\"valueName\":\"search_term_string\"}}],\"inLanguage\":\"es-ES\"}]}<\/script>\n<!-- \/ Yoast SEO plugin. -->","yoast_head_json":{"title":"EMPRESA - Le vernici ignifughe per il legno Firewall","robots":{"index":"index","follow":"follow","max-snippet":"max-snippet:-1","max-image-preview":"max-image-preview:large","max-video-preview":"max-video-preview:-1"},"canonical":"https:\/\/www.vernicifirewall.it\/es\/azienda\/","og_locale":"es_ES","og_type":"article","og_title":"EMPRESA - Le vernici ignifughe per il legno Firewall","og_description":"[mk_page_section bg_image=&#8221;http:\/\/www.vernicifirewall.it\/wp-content\/uploads\/2019\/03\/le-nostre-vernici.jpg&#8221; bg_image_portrait=&#8221;http:\/\/www.vernicifirewall.it\/wp-content\/uploads\/2019\/03\/le-nostre-vernici_mobile.jpg&#8221; bg_position=&#8221;center center&#8221; bg_repeat=&#8221;no-repeat&#8221; bg_stretch=&#8221;true&#8221; enable_3d=&#8221;true&#8221; padding_top=&#8221;0&#8243; padding_bottom=&#8221;0&#8243; sidebar=&#8221;sidebar-1&#8243;][vc_column width=&#8221;1\/2&#8243;][vc_column_text el_class=&#8221;black rennertitle&#8221; css=&#8221;.vc_custom_1554742513426{margin-bottom: 0px !important;}&#8221;]Nuestro compromiso para el bienestar de las viviendas[\/vc_column_text][vc_column_text el_class=&#8221;black rennerp&#8221; css=&#8221;.vc_custom_1555406983691{margin-bottom: 0px !important;}&#8221;]Renner Italia desempe\u00f1a un papel importante en el desaf\u00edo industrial del desarrollo sostenible. Nuestros investigadores combinan el progreso tecnol\u00f3gico y el dise\u00f1o con la preservaci\u00f3n del medio [&hellip;]","og_url":"https:\/\/www.vernicifirewall.it\/es\/azienda\/","og_site_name":"Le vernici ignifughe per il legno Firewall","article_modified_time":"2019-04-16T09:33:07+00:00","twitter_misc":{"Est. reading time":"5 minutes"},"schema":{"@context":"https:\/\/schema.org","@graph":[{"@type":"WebPage","@id":"https:\/\/www.vernicifirewall.it\/es\/azienda\/","url":"https:\/\/www.vernicifirewall.it\/es\/azienda\/","name":"EMPRESA - Le vernici ignifughe per il legno Firewall","isPartOf":{"@id":"https:\/\/www.vernicifirewall.it\/#website"},"datePublished":"2019-03-22T15:51:21+00:00","dateModified":"2019-04-16T09:33:07+00:00","breadcrumb":{"@id":"https:\/\/www.vernicifirewall.it\/es\/azienda\/#breadcrumb"},"inLanguage":"es-ES","potentialAction":[{"@type":"ReadAction","target":["https:\/\/www.vernicifirewall.it\/es\/azienda\/"]}]},{"@type":"BreadcrumbList","@id":"https:\/\/www.vernicifirewall.it\/es\/azienda\/#breadcrumb","itemListElement":[{"@type":"ListItem","position":1,"name":"Home","item":"https:\/\/www.vernicifirewall.it\/es\/"},{"@type":"ListItem","position":2,"name":"EMPRESA"}]},{"@type":"WebSite","@id":"https:\/\/www.vernicifirewall.it\/#website","url":"https:\/\/www.vernicifirewall.it\/","name":"Le vernici ignifughe per il legno Firewall","description":"Le vernici ignifughe per il legno Firewall","potentialAction":[{"@type":"SearchAction","target":{"@type":"EntryPoint","urlTemplate":"https:\/\/www.vernicifirewall.it\/?s={search_term_string}"},"query-input":{"@type":"PropertyValueSpecification","valueRequired":true,"valueName":"search_term_string"}}],"inLanguage":"es-ES"}]}},"_links":{"self":[{"href":"https:\/\/www.vernicifirewall.it\/es\/wp-json\/wp\/v2\/pages\/5263","targetHints":{"allow":["GET"]}}],"collection":[{"href":"https:\/\/www.vernicifirewall.it\/es\/wp-json\/wp\/v2\/pages"}],"about":[{"href":"https:\/\/www.vernicifirewall.it\/es\/wp-json\/wp\/v2\/types\/page"}],"author":[{"embeddable":true,"href":"https:\/\/www.vernicifirewall.it\/es\/wp-json\/wp\/v2\/users\/1"}],"replies":[{"embeddable":true,"href":"https:\/\/www.vernicifirewall.it\/es\/wp-json\/wp\/v2\/comments?post=5263"}],"version-history":[{"count":3,"href":"https:\/\/www.vernicifirewall.it\/es\/wp-json\/wp\/v2\/pages\/5263\/revisions"}],"predecessor-version":[{"id":5570,"href":"https:\/\/www.vernicifirewall.it\/es\/wp-json\/wp\/v2\/pages\/5263\/revisions\/5570"}],"wp:attachment":[{"href":"https:\/\/www.vernicifirewall.it\/es\/wp-json\/wp\/v2\/media?parent=5263"}],"curies":[{"name":"wp","href":"https:\/\/api.w.org\/{rel}","templated":true}]}}