{"id":5250,"date":"2019-03-15T08:06:22","date_gmt":"2019-03-15T07:06:22","guid":{"rendered":"http:\/\/www.vernicifirewall.it\/la-porta-tagliafuoco\/"},"modified":"2019-04-16T10:56:42","modified_gmt":"2019-04-16T08:56:42","slug":"la-porta-tagliafuoco","status":"publish","type":"page","link":"https:\/\/www.vernicifirewall.it\/fr\/la-porta-tagliafuoco\/","title":{"rendered":"La porte coupe-feu"},"content":{"rendered":"[mk_page_section bg_image=&#8221;http:\/\/www.vernicifirewall.it\/wp-content\/uploads\/2019\/03\/porte-tagliafuoco-1.jpg&#8221; bg_image_portrait=&#8221;http:\/\/www.vernicifirewall.it\/wp-content\/uploads\/2019\/03\/porte-tagliafuoco-1_mobile.jpg&#8221; bg_position=&#8221;left center&#8221; bg_repeat=&#8221;no-repeat&#8221; bg_stretch=&#8221;true&#8221; enable_3d=&#8221;true&#8221; padding_top=&#8221;0&#8243; padding_bottom=&#8221;0&#8243; sidebar=&#8221;sidebar-1&#8243;][vc_column width=&#8221;1\/2&#8243;]<div class=\"ult-spacer spacer-69f4139c779f3\" data-id=\"69f4139c779f3\" data-height=\"200\" data-height-mobile=\"70\" data-height-tab=\"200\" data-height-tab-portrait=\"200\" data-height-mobile-landscape=\"70\" style=\"clear:both;display:block;\"><\/div>[vc_column_text el_class=&#8221;white rennertitle&#8221; css=&#8221;.vc_custom_1554741851719{margin-bottom: 0px !important;}&#8221;]La porte<br \/>\ncoupe-feu[\/vc_column_text][vc_column_text el_class=&#8221;white rennerp&#8221; css=&#8221;.vc_custom_1555404998662{margin-bottom: 0px !important;}&#8221;]Chaque endroit qui pr\u00e9sente un grand flot de personnes et qui est donc oblig\u00e9 de montrer le Certificat de pr\u00e9vention des incendies (CPI) a toujours install\u00e9es des sorties de secours et des portes coupe-feu.<br \/>\nLa plupart des menuiseries install\u00e9es dans un h\u00f4tel, un h\u00f4pital, une \u00e9cole, une maison de retraite, etc. sont conformes \u00e0 la R\u00e9sistance au feu, c&#8217;est-\u00e0-dire certifi\u00e9es comme portes coupe-feu. Leur fonction est de &#8220;diviser&#8221; une pi\u00e8ce, en cr\u00e9ant ainsi une barri\u00e8re contre les flammes, la chaleur et la fum\u00e9e lib\u00e9r\u00e9es lors d&#8217;un incendie et d&#8217;emp\u00eacher leur propagation dans les pi\u00e8ces adjacentes.<br \/>\nEn fonction de leur emplacement, elles doivent conserver les caract\u00e9ristiques EI, c&#8217;est-\u00e0-dire une isolation contre la chaleur et la fum\u00e9e pendant plusieurs minutes, pouvant atteindre 15 minutes si elles sont utilis\u00e9es, par exemple, comme portes d&#8217;h\u00f4tels , ou 120 minutes si positionn\u00e9es le long d&#8217;une voie de secours.[\/vc_column_text]<div class=\"ult-spacer spacer-69f4139c77a61\" data-id=\"69f4139c77a61\" data-height=\"200\" data-height-mobile=\"50\" data-height-tab=\"200\" data-height-tab-portrait=\"200\" data-height-mobile-landscape=\"50\" style=\"clear:both;display:block;\"><\/div>[\/vc_column][vc_column width=&#8221;1\/2&#8243;][\/vc_column][\/mk_page_section][mk_page_section bg_image=&#8221;http:\/\/www.vernicifirewall.it\/wp-content\/uploads\/2019\/03\/porta_tagliafuoco-1.jpg&#8221; bg_image_portrait=&#8221;http:\/\/www.vernicifirewall.it\/wp-content\/uploads\/2019\/03\/porta_tagliafuoco-1_mobile-1.jpg&#8221; bg_position=&#8221;right center&#8221; bg_repeat=&#8221;no-repeat&#8221; bg_stretch=&#8221;true&#8221; enable_3d=&#8221;true&#8221; padding_top=&#8221;0&#8243; padding_bottom=&#8221;0&#8243; sidebar=&#8221;sidebar-1&#8243;][vc_column width=&#8221;1\/2&#8243;][\/vc_column][vc_column width=&#8221;1\/2&#8243;]<div class=\"ult-spacer spacer-69f4139c77ab5\" data-id=\"69f4139c77ab5\" data-height=\"200\" data-height-mobile=\"50\" data-height-tab=\"200\" data-height-tab-portrait=\"200\" data-height-mobile-landscape=\"50\" style=\"clear:both;display:block;\"><\/div>[vc_column_text el_class=&#8221;black rennertitle&#8221; css=&#8221;.vc_custom_1554741874904{margin-bottom: 0px !important;}&#8221;]La s\u00e9curit\u00e9<br \/>\ndans les structures<br \/>\nd&#8217;hotellerie[\/vc_column_text][vc_column_text el_class=&#8221;black rennerp&#8221; css=&#8221;.vc_custom_1554741886989{margin-bottom: 0px !important;}&#8221;]En cas d&#8217;incendie, les couloirs des structures d&#8217;h\u00f4tellerie risquent de devenir des pi\u00e8ges mortels, car ils sont imm\u00e9diatement envahis par la fum\u00e9e produite par l&#8217;incendie, par exemple \u00e0 l&#8217;int\u00e9rieur d&#8217;une chambre d&#8217;h\u00f4tel contenant des meubles et des vernis certifi\u00e9s en Classe 1 R\u00e9action au Feu, mais il s&#8217;agit toujours des mat\u00e9riaux combustibles. Ici, la cr\u00e9ation d&#8217;un espace de fuite, libre d&#8217;\u00e9manations toxiques d\u00e9gag\u00e9es par les mat\u00e9riaux pr\u00e9sents \u00e0 l&#8217;int\u00e9rieur des pi\u00e8ces.<br \/>\nLe probl\u00e8me se pose lorsqu&#8217;il est n\u00e9cessaire de changer les portes standard d&#8217;un h\u00f4tel et de les rendre ignifuges.<br \/>\nUne peinture ignifuge ou intumescente ne suffit pas pour certifier une porte standard dans une porte coupe-feu, la structure interne, le joint, la charni\u00e8re, la poign\u00e9e, le cadre, etc. doivent \u00eatre test\u00e9s et certifi\u00e9s en R\u00e9sistance au Feu, ainsi il faut qu\u2019un dispositif \u00e0 fermeture automatique soit install\u00e9.<br \/>\n\u00c9videmment, si la porte est peinte, il est obligatoire d\u2019utiliser une peinture ignifuge. De cette fa\u00e7on, la classe obtenue par l&#8217;objet ne devient pas pire par l&#8217;application d&#8217;un syet\u00e8me de peinture inflammable standard.[\/vc_column_text]<div class=\"ult-spacer spacer-69f4139c77b2f\" data-id=\"69f4139c77b2f\" data-height=\"200\" data-height-mobile=\"300\" data-height-tab=\"200\" data-height-tab-portrait=\"200\" data-height-mobile-landscape=\"300\" style=\"clear:both;display:block;\"><\/div>[\/vc_column][\/mk_page_section]\n","protected":false},"excerpt":{"rendered":"<p>[mk_page_section bg_image=&#8221;http:\/\/www.vernicifirewall.it\/wp-content\/uploads\/2019\/03\/porte-tagliafuoco-1.jpg&#8221; bg_image_portrait=&#8221;http:\/\/www.vernicifirewall.it\/wp-content\/uploads\/2019\/03\/porte-tagliafuoco-1_mobile.jpg&#8221; bg_position=&#8221;left center&#8221; bg_repeat=&#8221;no-repeat&#8221; bg_stretch=&#8221;true&#8221; enable_3d=&#8221;true&#8221; padding_top=&#8221;0&#8243; padding_bottom=&#8221;0&#8243; sidebar=&#8221;sidebar-1&#8243;][vc_column width=&#8221;1\/2&#8243;][vc_column_text el_class=&#8221;white rennertitle&#8221; css=&#8221;.vc_custom_1554741851719{margin-bottom: 0px !important;}&#8221;]La porte coupe-feu[\/vc_column_text][vc_column_text el_class=&#8221;white rennerp&#8221; css=&#8221;.vc_custom_1555404998662{margin-bottom: 0px !important;}&#8221;]Chaque endroit qui pr\u00e9sente un grand flot de personnes et qui est donc oblig\u00e9 de montrer le Certificat de pr\u00e9vention des incendies (CPI) a toujours install\u00e9es des sorties de secours et des [&hellip;]<\/p>\n","protected":false},"author":1,"featured_media":0,"parent":0,"menu_order":0,"comment_status":"closed","ping_status":"closed","template":"","meta":{"footnotes":""},"class_list":["post-5250","page","type-page","status-publish","hentry"],"yoast_head":"<!-- This site is optimized with the Yoast SEO plugin v27.0 - https:\/\/yoast.com\/product\/yoast-seo-wordpress\/ -->\n<title>La porte coupe-feu - Le vernici ignifughe per il legno Firewall<\/title>\n<meta name=\"robots\" content=\"index, follow, max-snippet:-1, max-image-preview:large, max-video-preview:-1\" \/>\n<link rel=\"canonical\" href=\"https:\/\/www.vernicifirewall.it\/fr\/la-porta-tagliafuoco\/\" \/>\n<meta property=\"og:locale\" content=\"fr_FR\" \/>\n<meta property=\"og:type\" content=\"article\" \/>\n<meta property=\"og:title\" content=\"La porte coupe-feu - Le vernici ignifughe per il legno Firewall\" \/>\n<meta property=\"og:description\" content=\"[mk_page_section bg_image=&#8221;http:\/\/www.vernicifirewall.it\/wp-content\/uploads\/2019\/03\/porte-tagliafuoco-1.jpg&#8221; bg_image_portrait=&#8221;http:\/\/www.vernicifirewall.it\/wp-content\/uploads\/2019\/03\/porte-tagliafuoco-1_mobile.jpg&#8221; bg_position=&#8221;left center&#8221; bg_repeat=&#8221;no-repeat&#8221; bg_stretch=&#8221;true&#8221; enable_3d=&#8221;true&#8221; padding_top=&#8221;0&#8243; padding_bottom=&#8221;0&#8243; sidebar=&#8221;sidebar-1&#8243;][vc_column width=&#8221;1\/2&#8243;][vc_column_text el_class=&#8221;white rennertitle&#8221; css=&#8221;.vc_custom_1554741851719{margin-bottom: 0px !important;}&#8221;]La porte coupe-feu[\/vc_column_text][vc_column_text el_class=&#8221;white rennerp&#8221; css=&#8221;.vc_custom_1555404998662{margin-bottom: 0px !important;}&#8221;]Chaque endroit qui pr\u00e9sente un grand flot de personnes et qui est donc oblig\u00e9 de montrer le Certificat de pr\u00e9vention des incendies (CPI) a toujours install\u00e9es des sorties de secours et des [&hellip;]\" \/>\n<meta property=\"og:url\" content=\"https:\/\/www.vernicifirewall.it\/fr\/la-porta-tagliafuoco\/\" \/>\n<meta property=\"og:site_name\" content=\"Le vernici ignifughe per il legno Firewall\" \/>\n<meta property=\"article:modified_time\" content=\"2019-04-16T08:56:42+00:00\" \/>\n<meta name=\"twitter:label1\" content=\"Est. reading time\" \/>\n\t<meta name=\"twitter:data1\" content=\"3 minutes\" \/>\n<script type=\"application\/ld+json\" class=\"yoast-schema-graph\">{\"@context\":\"https:\/\/schema.org\",\"@graph\":[{\"@type\":\"WebPage\",\"@id\":\"https:\/\/www.vernicifirewall.it\/fr\/la-porta-tagliafuoco\/\",\"url\":\"https:\/\/www.vernicifirewall.it\/fr\/la-porta-tagliafuoco\/\",\"name\":\"La porte coupe-feu - Le vernici ignifughe per il legno Firewall\",\"isPartOf\":{\"@id\":\"https:\/\/www.vernicifirewall.it\/#website\"},\"datePublished\":\"2019-03-15T07:06:22+00:00\",\"dateModified\":\"2019-04-16T08:56:42+00:00\",\"breadcrumb\":{\"@id\":\"https:\/\/www.vernicifirewall.it\/fr\/la-porta-tagliafuoco\/#breadcrumb\"},\"inLanguage\":\"fr-FR\",\"potentialAction\":[{\"@type\":\"ReadAction\",\"target\":[\"https:\/\/www.vernicifirewall.it\/fr\/la-porta-tagliafuoco\/\"]}]},{\"@type\":\"BreadcrumbList\",\"@id\":\"https:\/\/www.vernicifirewall.it\/fr\/la-porta-tagliafuoco\/#breadcrumb\",\"itemListElement\":[{\"@type\":\"ListItem\",\"position\":1,\"name\":\"Home\",\"item\":\"https:\/\/www.vernicifirewall.it\/fr\/\"},{\"@type\":\"ListItem\",\"position\":2,\"name\":\"La porte coupe-feu\"}]},{\"@type\":\"WebSite\",\"@id\":\"https:\/\/www.vernicifirewall.it\/#website\",\"url\":\"https:\/\/www.vernicifirewall.it\/\",\"name\":\"Le vernici ignifughe per il legno Firewall\",\"description\":\"Le vernici ignifughe per il legno Firewall\",\"potentialAction\":[{\"@type\":\"SearchAction\",\"target\":{\"@type\":\"EntryPoint\",\"urlTemplate\":\"https:\/\/www.vernicifirewall.it\/?s={search_term_string}\"},\"query-input\":{\"@type\":\"PropertyValueSpecification\",\"valueRequired\":true,\"valueName\":\"search_term_string\"}}],\"inLanguage\":\"fr-FR\"}]}<\/script>\n<!-- \/ Yoast SEO plugin. -->","yoast_head_json":{"title":"La porte coupe-feu - Le vernici ignifughe per il legno Firewall","robots":{"index":"index","follow":"follow","max-snippet":"max-snippet:-1","max-image-preview":"max-image-preview:large","max-video-preview":"max-video-preview:-1"},"canonical":"https:\/\/www.vernicifirewall.it\/fr\/la-porta-tagliafuoco\/","og_locale":"fr_FR","og_type":"article","og_title":"La porte coupe-feu - Le vernici ignifughe per il legno Firewall","og_description":"[mk_page_section bg_image=&#8221;http:\/\/www.vernicifirewall.it\/wp-content\/uploads\/2019\/03\/porte-tagliafuoco-1.jpg&#8221; bg_image_portrait=&#8221;http:\/\/www.vernicifirewall.it\/wp-content\/uploads\/2019\/03\/porte-tagliafuoco-1_mobile.jpg&#8221; bg_position=&#8221;left center&#8221; bg_repeat=&#8221;no-repeat&#8221; bg_stretch=&#8221;true&#8221; enable_3d=&#8221;true&#8221; padding_top=&#8221;0&#8243; padding_bottom=&#8221;0&#8243; sidebar=&#8221;sidebar-1&#8243;][vc_column width=&#8221;1\/2&#8243;][vc_column_text el_class=&#8221;white rennertitle&#8221; css=&#8221;.vc_custom_1554741851719{margin-bottom: 0px !important;}&#8221;]La porte coupe-feu[\/vc_column_text][vc_column_text el_class=&#8221;white rennerp&#8221; css=&#8221;.vc_custom_1555404998662{margin-bottom: 0px !important;}&#8221;]Chaque endroit qui pr\u00e9sente un grand flot de personnes et qui est donc oblig\u00e9 de montrer le Certificat de pr\u00e9vention des incendies (CPI) a toujours install\u00e9es des sorties de secours et des [&hellip;]","og_url":"https:\/\/www.vernicifirewall.it\/fr\/la-porta-tagliafuoco\/","og_site_name":"Le vernici ignifughe per il legno Firewall","article_modified_time":"2019-04-16T08:56:42+00:00","twitter_misc":{"Est. reading time":"3 minutes"},"schema":{"@context":"https:\/\/schema.org","@graph":[{"@type":"WebPage","@id":"https:\/\/www.vernicifirewall.it\/fr\/la-porta-tagliafuoco\/","url":"https:\/\/www.vernicifirewall.it\/fr\/la-porta-tagliafuoco\/","name":"La porte coupe-feu - Le vernici ignifughe per il legno Firewall","isPartOf":{"@id":"https:\/\/www.vernicifirewall.it\/#website"},"datePublished":"2019-03-15T07:06:22+00:00","dateModified":"2019-04-16T08:56:42+00:00","breadcrumb":{"@id":"https:\/\/www.vernicifirewall.it\/fr\/la-porta-tagliafuoco\/#breadcrumb"},"inLanguage":"fr-FR","potentialAction":[{"@type":"ReadAction","target":["https:\/\/www.vernicifirewall.it\/fr\/la-porta-tagliafuoco\/"]}]},{"@type":"BreadcrumbList","@id":"https:\/\/www.vernicifirewall.it\/fr\/la-porta-tagliafuoco\/#breadcrumb","itemListElement":[{"@type":"ListItem","position":1,"name":"Home","item":"https:\/\/www.vernicifirewall.it\/fr\/"},{"@type":"ListItem","position":2,"name":"La porte coupe-feu"}]},{"@type":"WebSite","@id":"https:\/\/www.vernicifirewall.it\/#website","url":"https:\/\/www.vernicifirewall.it\/","name":"Le vernici ignifughe per il legno Firewall","description":"Le vernici ignifughe per il legno Firewall","potentialAction":[{"@type":"SearchAction","target":{"@type":"EntryPoint","urlTemplate":"https:\/\/www.vernicifirewall.it\/?s={search_term_string}"},"query-input":{"@type":"PropertyValueSpecification","valueRequired":true,"valueName":"search_term_string"}}],"inLanguage":"fr-FR"}]}},"_links":{"self":[{"href":"https:\/\/www.vernicifirewall.it\/fr\/wp-json\/wp\/v2\/pages\/5250","targetHints":{"allow":["GET"]}}],"collection":[{"href":"https:\/\/www.vernicifirewall.it\/fr\/wp-json\/wp\/v2\/pages"}],"about":[{"href":"https:\/\/www.vernicifirewall.it\/fr\/wp-json\/wp\/v2\/types\/page"}],"author":[{"embeddable":true,"href":"https:\/\/www.vernicifirewall.it\/fr\/wp-json\/wp\/v2\/users\/1"}],"replies":[{"embeddable":true,"href":"https:\/\/www.vernicifirewall.it\/fr\/wp-json\/wp\/v2\/comments?post=5250"}],"version-history":[{"count":3,"href":"https:\/\/www.vernicifirewall.it\/fr\/wp-json\/wp\/v2\/pages\/5250\/revisions"}],"predecessor-version":[{"id":5560,"href":"https:\/\/www.vernicifirewall.it\/fr\/wp-json\/wp\/v2\/pages\/5250\/revisions\/5560"}],"wp:attachment":[{"href":"https:\/\/www.vernicifirewall.it\/fr\/wp-json\/wp\/v2\/media?parent=5250"}],"curies":[{"name":"wp","href":"https:\/\/api.w.org\/{rel}","templated":true}]}}