{"id":5261,"date":"2019-03-22T16:51:21","date_gmt":"2019-03-22T15:51:21","guid":{"rendered":"http:\/\/www.vernicifirewall.it\/azienda\/"},"modified":"2019-04-16T10:58:07","modified_gmt":"2019-04-16T08:58:07","slug":"azienda","status":"publish","type":"page","link":"https:\/\/www.vernicifirewall.it\/fr\/azienda\/","title":{"rendered":"ENTREPRISE"},"content":{"rendered":"[mk_page_section bg_image=&#8221;http:\/\/www.vernicifirewall.it\/wp-content\/uploads\/2019\/03\/le-nostre-vernici.jpg&#8221; bg_image_portrait=&#8221;http:\/\/www.vernicifirewall.it\/wp-content\/uploads\/2019\/03\/le-nostre-vernici_mobile.jpg&#8221; bg_position=&#8221;center center&#8221; bg_repeat=&#8221;no-repeat&#8221; bg_stretch=&#8221;true&#8221; enable_3d=&#8221;true&#8221; padding_top=&#8221;0&#8243; padding_bottom=&#8221;0&#8243; sidebar=&#8221;sidebar-1&#8243;][vc_column width=&#8221;1\/2&#8243;]<div class=\"ult-spacer spacer-69f71e9f1ae5a\" data-id=\"69f71e9f1ae5a\" data-height=\"200\" data-height-mobile=\"50\" data-height-tab=\"200\" data-height-tab-portrait=\"200\" data-height-mobile-landscape=\"50\" style=\"clear:both;display:block;\"><\/div>[vc_column_text el_class=&#8221;black rennertitle&#8221; css=&#8221;.vc_custom_1554742300004{margin-bottom: 0px !important;}&#8221;]Notre engagement<br \/>\npour un habitat<br \/>\nde bien \u00eatre[\/vc_column_text][vc_column_text el_class=&#8221;black rennerp&#8221; css=&#8221;.vc_custom_1555405068133{margin-bottom: 0px !important;}&#8221;]Renner Italia joue un r\u00f4le de premier plan dans le d\u00e9fi industriel du d\u00e9veloppement durable.<br \/>\nNos chercheurs allient le progr\u00e8s technologique et le design \u00e0 la pr\u00e9servation de l\u2019environnement.<\/p>\n<p>Notamment, nous sommes engag\u00e9s sur les fronts:[\/vc_column_text][mk_custom_list]\n<ul>\n<li>abattement des \u00e9missions<\/li>\n<li>augmentation de la qualit\u00e9 de l\u2019air \u00e0 l\u2019int\u00e9rieur<\/li>\n<li>co-participation aux politiques d\u2019\u00e9conomie de mat\u00e9riaux et d\u2019\u00e9nergie<\/li>\n<li>\u00e9limination de substances nocives<\/li>\n<li>cr\u00e9ation de lieux plus sains et vivables<\/li>\n<\/ul>\n[\/mk_custom_list][mk_button dimension=&#8221;flat&#8221; size=&#8221;large&#8221; url=&#8221;https:\/\/www.renneritalia.com\/fr&#8221; target=&#8221;_blank&#8221;]ALLEZ AU SITE RENNERITALIA.COM[\/mk_button]<div class=\"ult-spacer spacer-69f71e9f1aeee\" data-id=\"69f71e9f1aeee\" data-height=\"200\" data-height-mobile=\"50\" data-height-tab=\"200\" data-height-tab-portrait=\"200\" data-height-mobile-landscape=\"50\" style=\"clear:both;display:block;\"><\/div>[\/vc_column][vc_column width=&#8221;1\/2&#8243;][\/vc_column][\/mk_page_section][mk_page_section bg_image=&#8221;http:\/\/www.vernicifirewall.it\/wp-content\/uploads\/2019\/03\/formaldeide-zero-renner-1.jpg&#8221; bg_image_portrait=&#8221;http:\/\/www.vernicifirewall.it\/wp-content\/uploads\/2019\/03\/formaldeide-zero-renner-1_mobile.jpg&#8221; bg_repeat=&#8221;no-repeat&#8221; bg_stretch=&#8221;true&#8221; enable_3d=&#8221;true&#8221; padding_top=&#8221;0&#8243; padding_bottom=&#8221;0&#8243; sidebar=&#8221;sidebar-1&#8243;][vc_column width=&#8221;1\/2&#8243;][\/vc_column][vc_column width=&#8221;1\/2&#8243;]<div class=\"ult-spacer spacer-69f71e9f1af69\" data-id=\"69f71e9f1af69\" data-height=\"200\" data-height-mobile=\"350\" data-height-tab=\"200\" data-height-tab-portrait=\"200\" data-height-mobile-landscape=\"350\" style=\"clear:both;display:block;\"><\/div>[vc_column_text el_class=&#8221;black rennertitle&#8221; css=&#8221;.vc_custom_1554742403668{margin-bottom: 0px !important;}&#8221;]Formald\u00e9hyde<br \/>\nz\u00e9ro[\/vc_column_text][vc_column_text el_class=&#8221;black rennerp&#8221; css=&#8221;.vc_custom_1554742413478{margin-bottom: 0px !important;}&#8221;]Toutes nos formules sont exemptes de formald\u00e9hyde, substance d\u00e9clar\u00e9e canc\u00e9rig\u00e8ne par le Centre international de recherche sur le cancer (CIRC).<br \/>\nLa plupart des produits ne pr\u00e9sentent pas d\u2019\u00e9thoxylate d&#8217;alkylph\u00e9nol (mol\u00e9cule particuli\u00e8rement toxique pour les organismes aquatiques) et de styr\u00e8ne (hydrocarbure aromatique qui peut porter atteinte \u00e0 la sant\u00e9 de l\u2019homme). Beaucoup d\u2019autres vernis sont certifi\u00e9s classe A+ suivant le d\u00e9cret fran\u00e7ais 321\/2011 en mati\u00e8re d\u2019\u00e9missions en polluants volatils par des produits install\u00e9s \u00e0 l\u2019int\u00e9rieur (rev\u00eatements sols et murs, peintures et vernis, isolants, portes et fen\u00eatres\u2026 ). L\u2019engagement de Renner Italia pour la sant\u00e9 et l\u2019environnement ne se limite pas \u00e0 l\u2019offre commerciale.[\/vc_column_text]<div class=\"ult-spacer spacer-69f71e9f1afbb\" data-id=\"69f71e9f1afbb\" data-height=\"200\" data-height-mobile=\"50\" data-height-tab=\"200\" data-height-tab-portrait=\"200\" data-height-mobile-landscape=\"50\" style=\"clear:both;display:block;\"><\/div>[\/vc_column][\/mk_page_section][mk_page_section bg_image=&#8221;http:\/\/www.vernicifirewall.it\/wp-content\/uploads\/2019\/03\/bk_green.jpg&#8221; bg_image_portrait=&#8221;http:\/\/www.vernicifirewall.it\/wp-content\/uploads\/2019\/03\/bk_green.jpg&#8221; bg_position=&#8221;center top&#8221; enable_3d=&#8221;true&#8221; js_vertical_centered=&#8221;true&#8221; padding_top=&#8221;100&#8243; padding_bottom=&#8221;200&#8243; el_class=&#8221;sectionrenner&#8221; sidebar=&#8221;sidebar-1&#8243;][vc_column][mk_moving_image src=&#8221;http:\/\/www.vernicifirewall.it\/wp-content\/uploads\/2019\/03\/green-line.png&#8221; align=&#8221;center&#8221;][vc_column_text align=&#8221;center&#8221; el_class=&#8221;white rennertitle&#8221; css=&#8221;.vc_custom_1554742424634{margin-bottom: 0px !important;}&#8221;]\u00c9nergie<br \/>\ndurable[\/vc_column_text][vc_column_text align=&#8221;center&#8221; el_class=&#8221;white rennerp&#8221; css=&#8221;.vc_custom_1554742439625{margin-bottom: 0px !important;}&#8221;]Les installations o\u00f9 naissent les vernis Renner sont aliment\u00e9es exclusivement par de l\u2019\u00e9nergie hydro-\u00e9lectrique, \u00e9olienne, solaire et de biomasse. Ici aussi, l\u2019objectif est de r\u00e9duire l\u2019impact polluant du syst\u00e8me \u00e9nerg\u00e9tique et pr\u00e9server l\u2019environnement. L\u2019entreprise a obtenu la certification G. O. (Garanties d\u2019origine) et le label \u00ab 100% \u00c9nergie de sources renouvelables \u00bb qui attestent son positionnement par rapport aux grands enjeux de l\u2019environnement.<br \/>\nSans compter que l\u2019empreinte \u00e9cologique de Renner Italia concerne aussi les emballages. Les vernis \u00e0 l\u2019eau sont conditionn\u00e9s dans les bo\u00eetes exclusives Evergreen et r\u00e9duisent drastiquement la quantit\u00e9 de d\u00e9chets sp\u00e9ciaux \u00e0 \u00e9liminer. Les emballages avec r\u00e9sidus de vernis sont consid\u00e9r\u00e9s comme des d\u00e9chets sp\u00e9ciaux \u00e0 mettre \u00e0 la d\u00e9charge en tant que tels. Evergreen est une bo\u00eete en fer-blanc rev\u00eatue \u00e0 l\u2019int\u00e9rieur d\u2019un film de poly\u00e9thyl\u00e8ne haute densit\u00e9. Une fois la bo\u00eete de vernis vide, le film de poly\u00e9thyl\u00e8ne sali par la peinture se d\u00e9tache pour \u00eatre mis \u00e0 la d\u00e9charge, laissant intact la partie m\u00e9tallique de l\u2019emballage, qui peut \u00eatre recycl\u00e9e. Avec d\u2019\u00e9videntes retomb\u00e9es positives aussi sur l\u2019environnement.[\/vc_column_text][\/vc_column][\/mk_page_section][mk_page_section bg_image=&#8221;http:\/\/www.vernicifirewall.it\/wp-content\/uploads\/2019\/03\/color-tunes.jpg&#8221; bg_image_portrait=&#8221;http:\/\/www.vernicifirewall.it\/wp-content\/uploads\/2019\/03\/color-tunes_mobile.jpg&#8221; bg_position=&#8221;left center&#8221; bg_repeat=&#8221;no-repeat&#8221; bg_stretch=&#8221;true&#8221; enable_3d=&#8221;true&#8221; padding_top=&#8221;0&#8243; padding_bottom=&#8221;0&#8243; sidebar=&#8221;sidebar-1&#8243;][vc_column width=&#8221;5\/12&#8243;]<div class=\"ult-spacer spacer-69f71e9f1b007\" data-id=\"69f71e9f1b007\" data-height=\"200\" data-height-mobile=\"50\" data-height-tab=\"200\" data-height-tab-portrait=\"200\" data-height-mobile-landscape=\"50\" style=\"clear:both;display:block;\"><\/div>[vc_column_text el_class=&#8221;white rennertitle&#8221; css=&#8221;.vc_custom_1554742458436{margin-bottom: 0px !important;}&#8221;]Les effets sp\u00e9ciaux<br \/>\net les couleurs<br \/>\nles plus recherch\u00e9es[\/vc_column_text][vc_column_text el_class=&#8221;white rennerp&#8221; css=&#8221;.vc_custom_1554742473224{margin-bottom: 0px !important;}&#8221;]&#8221;Les solutions esth\u00e9tiques de tendance, les effets les plus originaux, les nuances les plus recherch\u00e9es, Renner Italia stimule les id\u00e9es et la cr\u00e9ativit\u00e9 \u00e0 travers ses vernis : des formidables outils au service de ceux qui d\u00e9finissent l\u2019identit\u00e9 visuelle. L\u2019identit\u00e9 visuelle des ouvrages en bois ne peut faire abstraction de la d\u00e9finition chromatique de la finition.<\/p>\n<p>Nos sp\u00e9cialistes des vernis, en contact quotidien avec les meilleures marques de l\u2019ameublement, mettent leur savoir-faire immense \u00e0 la disposition de tout le monde. Dans le monde complexe des vernis ignifuges, nos chimistes marient les solutions de desing \u00e0 la s\u00e9curit\u00e9 passive anti-incendie&#8221;[\/vc_column_text]<div class=\"ult-spacer spacer-69f71e9f1b04f\" data-id=\"69f71e9f1b04f\" data-height=\"200\" data-height-mobile=\"150\" data-height-tab=\"200\" data-height-tab-portrait=\"200\" data-height-mobile-landscape=\"150\" style=\"clear:both;display:block;\"><\/div>[\/vc_column][vc_column width=&#8221;7\/12&#8243;][\/vc_column][\/mk_page_section][mk_page_section bg_position=&#8221;left center&#8221; bg_repeat=&#8221;no-repeat&#8221; bg_stretch=&#8221;true&#8221; enable_3d=&#8221;true&#8221; bg_video=&#8221;yes&#8221; video_source=&#8221;social&#8221; stream_video_id=&#8221;YzVBUDkf52I&#8221; video_mask=&#8221;true&#8221; min_height=&#8221;800&#8243; padding_top=&#8221;300&#8243; padding_bottom=&#8221;200&#8243; visibility=&#8221;hidden-sm&#8221; sidebar=&#8221;sidebar-1&#8243;][vc_column][mk_button dimension=&#8221;flat&#8221; size=&#8221;large&#8221; url=&#8221;https:\/\/www.renneritalia.com\/fr&#8221; target=&#8221;_blank&#8221; align=&#8221;center&#8221;]ALLEZ AU SITE RENNERITALIA.COM[\/mk_button][\/vc_column][\/mk_page_section]\n","protected":false},"excerpt":{"rendered":"<p>[mk_page_section bg_image=&#8221;http:\/\/www.vernicifirewall.it\/wp-content\/uploads\/2019\/03\/le-nostre-vernici.jpg&#8221; bg_image_portrait=&#8221;http:\/\/www.vernicifirewall.it\/wp-content\/uploads\/2019\/03\/le-nostre-vernici_mobile.jpg&#8221; bg_position=&#8221;center center&#8221; bg_repeat=&#8221;no-repeat&#8221; bg_stretch=&#8221;true&#8221; enable_3d=&#8221;true&#8221; padding_top=&#8221;0&#8243; padding_bottom=&#8221;0&#8243; sidebar=&#8221;sidebar-1&#8243;][vc_column width=&#8221;1\/2&#8243;][vc_column_text el_class=&#8221;black rennertitle&#8221; css=&#8221;.vc_custom_1554742300004{margin-bottom: 0px !important;}&#8221;]Notre engagement pour un habitat de bien \u00eatre[\/vc_column_text][vc_column_text el_class=&#8221;black rennerp&#8221; css=&#8221;.vc_custom_1555405068133{margin-bottom: 0px !important;}&#8221;]Renner Italia joue un r\u00f4le de premier plan dans le d\u00e9fi industriel du d\u00e9veloppement durable. Nos chercheurs allient le progr\u00e8s technologique et le design \u00e0 la pr\u00e9servation [&hellip;]<\/p>\n","protected":false},"author":1,"featured_media":0,"parent":0,"menu_order":0,"comment_status":"closed","ping_status":"closed","template":"","meta":{"footnotes":""},"class_list":["post-5261","page","type-page","status-publish","hentry"],"yoast_head":"<!-- This site is optimized with the Yoast SEO plugin v27.0 - https:\/\/yoast.com\/product\/yoast-seo-wordpress\/ -->\n<title>ENTREPRISE - Le vernici ignifughe per il legno Firewall<\/title>\n<meta name=\"robots\" content=\"index, follow, max-snippet:-1, max-image-preview:large, max-video-preview:-1\" \/>\n<link rel=\"canonical\" href=\"https:\/\/www.vernicifirewall.it\/fr\/azienda\/\" \/>\n<meta property=\"og:locale\" content=\"fr_FR\" \/>\n<meta property=\"og:type\" content=\"article\" \/>\n<meta property=\"og:title\" content=\"ENTREPRISE - Le vernici ignifughe per il legno Firewall\" \/>\n<meta property=\"og:description\" content=\"[mk_page_section bg_image=&#8221;http:\/\/www.vernicifirewall.it\/wp-content\/uploads\/2019\/03\/le-nostre-vernici.jpg&#8221; bg_image_portrait=&#8221;http:\/\/www.vernicifirewall.it\/wp-content\/uploads\/2019\/03\/le-nostre-vernici_mobile.jpg&#8221; bg_position=&#8221;center center&#8221; bg_repeat=&#8221;no-repeat&#8221; bg_stretch=&#8221;true&#8221; enable_3d=&#8221;true&#8221; padding_top=&#8221;0&#8243; padding_bottom=&#8221;0&#8243; sidebar=&#8221;sidebar-1&#8243;][vc_column width=&#8221;1\/2&#8243;][vc_column_text el_class=&#8221;black rennertitle&#8221; css=&#8221;.vc_custom_1554742300004{margin-bottom: 0px !important;}&#8221;]Notre engagement pour un habitat de bien \u00eatre[\/vc_column_text][vc_column_text el_class=&#8221;black rennerp&#8221; css=&#8221;.vc_custom_1555405068133{margin-bottom: 0px !important;}&#8221;]Renner Italia joue un r\u00f4le de premier plan dans le d\u00e9fi industriel du d\u00e9veloppement durable. Nos chercheurs allient le progr\u00e8s technologique et le design \u00e0 la pr\u00e9servation [&hellip;]\" \/>\n<meta property=\"og:url\" content=\"https:\/\/www.vernicifirewall.it\/fr\/azienda\/\" \/>\n<meta property=\"og:site_name\" content=\"Le vernici ignifughe per il legno Firewall\" \/>\n<meta property=\"article:modified_time\" content=\"2019-04-16T08:58:07+00:00\" \/>\n<meta name=\"twitter:label1\" content=\"Est. reading time\" \/>\n\t<meta name=\"twitter:data1\" content=\"6 minutes\" \/>\n<script type=\"application\/ld+json\" class=\"yoast-schema-graph\">{\"@context\":\"https:\/\/schema.org\",\"@graph\":[{\"@type\":\"WebPage\",\"@id\":\"https:\/\/www.vernicifirewall.it\/fr\/azienda\/\",\"url\":\"https:\/\/www.vernicifirewall.it\/fr\/azienda\/\",\"name\":\"ENTREPRISE - Le vernici ignifughe per il legno Firewall\",\"isPartOf\":{\"@id\":\"https:\/\/www.vernicifirewall.it\/#website\"},\"datePublished\":\"2019-03-22T15:51:21+00:00\",\"dateModified\":\"2019-04-16T08:58:07+00:00\",\"breadcrumb\":{\"@id\":\"https:\/\/www.vernicifirewall.it\/fr\/azienda\/#breadcrumb\"},\"inLanguage\":\"fr-FR\",\"potentialAction\":[{\"@type\":\"ReadAction\",\"target\":[\"https:\/\/www.vernicifirewall.it\/fr\/azienda\/\"]}]},{\"@type\":\"BreadcrumbList\",\"@id\":\"https:\/\/www.vernicifirewall.it\/fr\/azienda\/#breadcrumb\",\"itemListElement\":[{\"@type\":\"ListItem\",\"position\":1,\"name\":\"Home\",\"item\":\"https:\/\/www.vernicifirewall.it\/fr\/\"},{\"@type\":\"ListItem\",\"position\":2,\"name\":\"ENTREPRISE\"}]},{\"@type\":\"WebSite\",\"@id\":\"https:\/\/www.vernicifirewall.it\/#website\",\"url\":\"https:\/\/www.vernicifirewall.it\/\",\"name\":\"Le vernici ignifughe per il legno Firewall\",\"description\":\"Le vernici ignifughe per il legno Firewall\",\"potentialAction\":[{\"@type\":\"SearchAction\",\"target\":{\"@type\":\"EntryPoint\",\"urlTemplate\":\"https:\/\/www.vernicifirewall.it\/?s={search_term_string}\"},\"query-input\":{\"@type\":\"PropertyValueSpecification\",\"valueRequired\":true,\"valueName\":\"search_term_string\"}}],\"inLanguage\":\"fr-FR\"}]}<\/script>\n<!-- \/ Yoast SEO plugin. -->","yoast_head_json":{"title":"ENTREPRISE - Le vernici ignifughe per il legno Firewall","robots":{"index":"index","follow":"follow","max-snippet":"max-snippet:-1","max-image-preview":"max-image-preview:large","max-video-preview":"max-video-preview:-1"},"canonical":"https:\/\/www.vernicifirewall.it\/fr\/azienda\/","og_locale":"fr_FR","og_type":"article","og_title":"ENTREPRISE - Le vernici ignifughe per il legno Firewall","og_description":"[mk_page_section bg_image=&#8221;http:\/\/www.vernicifirewall.it\/wp-content\/uploads\/2019\/03\/le-nostre-vernici.jpg&#8221; bg_image_portrait=&#8221;http:\/\/www.vernicifirewall.it\/wp-content\/uploads\/2019\/03\/le-nostre-vernici_mobile.jpg&#8221; bg_position=&#8221;center center&#8221; bg_repeat=&#8221;no-repeat&#8221; bg_stretch=&#8221;true&#8221; enable_3d=&#8221;true&#8221; padding_top=&#8221;0&#8243; padding_bottom=&#8221;0&#8243; sidebar=&#8221;sidebar-1&#8243;][vc_column width=&#8221;1\/2&#8243;][vc_column_text el_class=&#8221;black rennertitle&#8221; css=&#8221;.vc_custom_1554742300004{margin-bottom: 0px !important;}&#8221;]Notre engagement pour un habitat de bien \u00eatre[\/vc_column_text][vc_column_text el_class=&#8221;black rennerp&#8221; css=&#8221;.vc_custom_1555405068133{margin-bottom: 0px !important;}&#8221;]Renner Italia joue un r\u00f4le de premier plan dans le d\u00e9fi industriel du d\u00e9veloppement durable. Nos chercheurs allient le progr\u00e8s technologique et le design \u00e0 la pr\u00e9servation [&hellip;]","og_url":"https:\/\/www.vernicifirewall.it\/fr\/azienda\/","og_site_name":"Le vernici ignifughe per il legno Firewall","article_modified_time":"2019-04-16T08:58:07+00:00","twitter_misc":{"Est. reading time":"6 minutes"},"schema":{"@context":"https:\/\/schema.org","@graph":[{"@type":"WebPage","@id":"https:\/\/www.vernicifirewall.it\/fr\/azienda\/","url":"https:\/\/www.vernicifirewall.it\/fr\/azienda\/","name":"ENTREPRISE - Le vernici ignifughe per il legno Firewall","isPartOf":{"@id":"https:\/\/www.vernicifirewall.it\/#website"},"datePublished":"2019-03-22T15:51:21+00:00","dateModified":"2019-04-16T08:58:07+00:00","breadcrumb":{"@id":"https:\/\/www.vernicifirewall.it\/fr\/azienda\/#breadcrumb"},"inLanguage":"fr-FR","potentialAction":[{"@type":"ReadAction","target":["https:\/\/www.vernicifirewall.it\/fr\/azienda\/"]}]},{"@type":"BreadcrumbList","@id":"https:\/\/www.vernicifirewall.it\/fr\/azienda\/#breadcrumb","itemListElement":[{"@type":"ListItem","position":1,"name":"Home","item":"https:\/\/www.vernicifirewall.it\/fr\/"},{"@type":"ListItem","position":2,"name":"ENTREPRISE"}]},{"@type":"WebSite","@id":"https:\/\/www.vernicifirewall.it\/#website","url":"https:\/\/www.vernicifirewall.it\/","name":"Le vernici ignifughe per il legno Firewall","description":"Le vernici ignifughe per il legno Firewall","potentialAction":[{"@type":"SearchAction","target":{"@type":"EntryPoint","urlTemplate":"https:\/\/www.vernicifirewall.it\/?s={search_term_string}"},"query-input":{"@type":"PropertyValueSpecification","valueRequired":true,"valueName":"search_term_string"}}],"inLanguage":"fr-FR"}]}},"_links":{"self":[{"href":"https:\/\/www.vernicifirewall.it\/fr\/wp-json\/wp\/v2\/pages\/5261","targetHints":{"allow":["GET"]}}],"collection":[{"href":"https:\/\/www.vernicifirewall.it\/fr\/wp-json\/wp\/v2\/pages"}],"about":[{"href":"https:\/\/www.vernicifirewall.it\/fr\/wp-json\/wp\/v2\/types\/page"}],"author":[{"embeddable":true,"href":"https:\/\/www.vernicifirewall.it\/fr\/wp-json\/wp\/v2\/users\/1"}],"replies":[{"embeddable":true,"href":"https:\/\/www.vernicifirewall.it\/fr\/wp-json\/wp\/v2\/comments?post=5261"}],"version-history":[{"count":3,"href":"https:\/\/www.vernicifirewall.it\/fr\/wp-json\/wp\/v2\/pages\/5261\/revisions"}],"predecessor-version":[{"id":5561,"href":"https:\/\/www.vernicifirewall.it\/fr\/wp-json\/wp\/v2\/pages\/5261\/revisions\/5561"}],"wp:attachment":[{"href":"https:\/\/www.vernicifirewall.it\/fr\/wp-json\/wp\/v2\/media?parent=5261"}],"curies":[{"name":"wp","href":"https:\/\/api.w.org\/{rel}","templated":true}]}}